{"id":748,"date":"2021-02-25T12:38:24","date_gmt":"2021-02-25T12:38:24","guid":{"rendered":"https:\/\/milestones3.eu\/?page_id=748"},"modified":"2021-02-25T12:38:27","modified_gmt":"2021-02-25T12:38:27","slug":"objekti-i-projektit","status":"publish","type":"page","link":"https:\/\/milestones3.eu\/sq\/objekti-i-projektit\/","title":{"rendered":"Objekti i projektit"},"content":{"rendered":"<p>[et_pb_section fb_built=&#8221;1&#8243; _builder_version=&#8221;4.9.0&#8243; _module_preset=&#8221;default&#8221; use_background_color_gradient=&#8221;on&#8221; background_color_gradient_start=&#8221;#253d79&#8243; background_color_gradient_end=&#8221;rgba(37,61,121,0.45)&#8221; background_color_gradient_overlays_image=&#8221;on&#8221; background_image=&#8221;https:\/\/milestones3.eu\/wp-content\/uploads\/2021\/02\/theatre-1740767_1280.jpg&#8221; max_width=&#8221;90%&#8221; custom_padding=&#8221;17px||30px|||&#8221; border_width_right=&#8221;45px&#8221; border_color_right=&#8221;#8DBA40&#8243;][et_pb_row _builder_version=&#8221;4.9.0&#8243; _module_preset=&#8221;default&#8221;][et_pb_column type=&#8221;4_4&#8243; _builder_version=&#8221;4.9.0&#8243; _module_preset=&#8221;default&#8221;][et_pb_text _builder_version=&#8221;4.9.0&#8243; text_font=&#8221;||||||||&#8221; header_font=&#8221;avertable|700|||||||&#8221; header_text_color=&#8221;#FFFFFF&#8221; header_font_size=&#8221;57px&#8221; header_line_height=&#8221;1.3em&#8221; background_size=&#8221;initial&#8221; background_position=&#8221;top_left&#8221; background_repeat=&#8221;repeat&#8221; custom_margin=&#8221;||18px|||&#8221; animation_style=&#8221;fade&#8221; hover_enabled=&#8221;0&#8243; header_font_size_tablet=&#8221;40px&#8221; header_font_size_phone=&#8221;30px&#8221; header_font_size_last_edited=&#8221;on|phone&#8221; locked=&#8221;off&#8221; sticky_enabled=&#8221;0&#8243;]<\/p>\n<h1>Objekti i projektit<\/h1>\n<p>[\/et_pb_text][et_pb_divider color=&#8221;#E58A2E&#8221; divider_weight=&#8221;7px&#8221; _builder_version=&#8221;4.9.0&#8243; _module_preset=&#8221;default&#8221; width=&#8221;200px&#8221;][\/et_pb_divider][\/et_pb_column][\/et_pb_row][\/et_pb_section][et_pb_section fb_built=&#8221;1&#8243; _builder_version=&#8221;4.9.0&#8243; _module_preset=&#8221;default&#8221; custom_padding=&#8221;37px||7px|||&#8221; border_width_left=&#8221;38px&#8221; border_color_left=&#8221;#E58A2E&#8221;][et_pb_row column_structure=&#8221;1_3,2_3&#8243; use_custom_gutter=&#8221;on&#8221; gutter_width=&#8221;2&#8243; make_equal=&#8221;on&#8221; _builder_version=&#8221;4.9.0&#8243; _module_preset=&#8221;default&#8221; width=&#8221;75%&#8221; max_width=&#8221;100%&#8221; border_color_left=&#8221;#E58A2E&#8221;][et_pb_column type=&#8221;1_3&#8243; _builder_version=&#8221;4.9.0&#8243; _module_preset=&#8221;default&#8221; custom_padding=&#8221;||||false|false&#8221;][et_pb_image src=&#8221;https:\/\/milestones3.eu\/wp-content\/uploads\/2021\/02\/\u03a3\u03c7\u03ad\u03b4\u03b9\u03bf-\u03c7\u03c9\u03c1\u03af\u03c2-\u03c4\u03af\u03c4\u03bb\u03bf-12.png&#8221; alt=&#8221;milestone 3&#8243; title_text=&#8221;milestone 3&#8243; _builder_version=&#8221;4.9.0&#8243; _module_preset=&#8221;default&#8221; width=&#8221;25%&#8221;][\/et_pb_image][et_pb_divider color=&#8221;#8DBA40&#8243; divider_weight=&#8221;7px&#8221; _builder_version=&#8221;4.9.0&#8243; _module_preset=&#8221;default&#8221; width=&#8221;200px&#8221;][\/et_pb_divider][et_pb_text _builder_version=&#8221;4.9.0&#8243; _module_preset=&#8221;default&#8221; header_2_line_height=&#8221;1.2em&#8221; hover_enabled=&#8221;0&#8243; sticky_enabled=&#8221;0&#8243;]<\/p>\n<h2>Objektivi i p\u00ebrgjithsh\u00ebm i projektit MileSTONES III \u00ebsht\u00eb p\u00ebrmir\u00ebsimi i aft\u00ebsis\u00eb s\u00eb menaxhimit dhe rijet\u00ebsimit t\u00eb trash\u00ebgimis\u00eb kulturore si dhe mb\u00ebshtetja e zhvillimit turistik.<\/h2>\n<p>[\/et_pb_text][\/et_pb_column][et_pb_column type=&#8221;2_3&#8243; _builder_version=&#8221;4.9.0&#8243; _module_preset=&#8221;default&#8221;][et_pb_text _builder_version=&#8221;4.9.0&#8243; text_font=&#8221;||||||||&#8221; header_font=&#8221;avertable|700|||||||&#8221; header_text_color=&#8221;#253D79&#8243; header_font_size=&#8221;57px&#8221; header_line_height=&#8221;1.3em&#8221; background_size=&#8221;initial&#8221; background_position=&#8221;top_left&#8221; background_repeat=&#8221;repeat&#8221; custom_margin=&#8221;||18px|||&#8221; animation_style=&#8221;fade&#8221; hover_enabled=&#8221;0&#8243; header_font_size_tablet=&#8221;40px&#8221; header_font_size_phone=&#8221;30px&#8221; header_font_size_last_edited=&#8221;on|phone&#8221; locked=&#8221;off&#8221; sticky_enabled=&#8221;0&#8243;]<\/p>\n<h1>Objektivat<\/h1>\n<p>[\/et_pb_text][et_pb_text _builder_version=&#8221;4.9.0&#8243; _module_preset=&#8221;default&#8221; custom_margin=&#8221;|||15px|false|false&#8221; custom_margin_tablet=&#8221;&#8221; custom_margin_phone=&#8221;&#8221; custom_margin_last_edited=&#8221;on|phone&#8221; hover_enabled=&#8221;0&#8243; sticky_enabled=&#8221;0&#8243;]<\/p>\n<p>N\u00eb k\u00ebt\u00eb kuad\u00ebr projekti MileSTONES III \u00ebsht\u00eb projektuar si nj\u00eb marr\u00ebveshje e plot\u00eb me Objektivin e Ve\u00e7ant\u00eb 2.1. t\u00eb Programit \u201cRuajtja e resulseve kulturore dhe natyrore si parakushte p\u00ebr zhvillimin turistik n\u00eb zon\u00ebn nd\u00ebrkufitare.<\/p>\n<p>M\u00eb tej projekti synon:<\/p>\n<p>1. Krijimin e mjeteve shtes\u00eb t\u00eb promovimit t\u00eb trash\u00ebgimis\u00eb lokale dhe rajonale kulturore<span class=\"Apple-converted-space\">\u00a0<\/span><\/p>\n<p>2. Ruajtjen e madh\u00ebsis\u00eb s\u00eb tij me fam\u00ebn dhe me kalimin e koh\u00ebs me realizimin e aktiviteteve promovuese.<span class=\"Apple-converted-space\">\u00a0<\/span><\/p>\n<p>3. Krijimin e ngjarjeve kulturore me performanca t\u00eb larta dhe diapazon t\u00eb madh.<\/p>\n<p>4. Zhvillimin e aft\u00ebsis\u00eb p\u00ebr nj\u00eb shfryt\u00ebzim t\u00eb qendruesh\u00ebm t\u00eb resulseve kulturore.<\/p>\n<p>5. Edukimin e profesionist\u00ebve t\u00eb turizmit n\u00eb marketingun e trash\u00ebgimis\u00eb kulturore.<\/p>\n<p>6. P\u00ebrforcimin e komuniteteve lokale dhe p\u00ebrfshirjen e tyre n\u00eb projekt si faktor\u00eb themelor\u00eb.<\/p>\n<p>7. Ruajtjen e trash\u00ebgimis\u00eb kulturore nd\u00ebrkufitare.<\/p>\n<p>8. P\u00ebrmir\u00ebsimi i mund\u00ebsis\u00eb s\u00eb vizitueshm\u00ebris\u00eb s\u00eb monumenteve kultorore nd\u00ebrkufitare.<\/p>\n<p>[\/et_pb_text][\/et_pb_column][\/et_pb_row][et_pb_row column_structure=&#8221;1_3,2_3&#8243; use_custom_gutter=&#8221;on&#8221; gutter_width=&#8221;2&#8243; make_equal=&#8221;on&#8221; _builder_version=&#8221;4.9.0&#8243; _module_preset=&#8221;default&#8221; width=&#8221;75%&#8221; max_width=&#8221;100%&#8221; custom_padding=&#8221;19px|||||&#8221; border_color_left=&#8221;#E58A2E&#8221;][et_pb_column type=&#8221;1_3&#8243; _builder_version=&#8221;4.9.0&#8243; _module_preset=&#8221;default&#8221; custom_padding=&#8221;||||false|false&#8221;][et_pb_image src=&#8221;https:\/\/milestones3.eu\/wp-content\/uploads\/2021\/02\/assets-11.jpg&#8221; alt=&#8221;milestone 3&#8243; title_text=&#8221;assets-11&#8243; _builder_version=&#8221;4.9.0&#8243; _module_preset=&#8221;default&#8221; width=&#8221;25%&#8221;][\/et_pb_image][et_pb_divider color=&#8221;#8DBA40&#8243; divider_weight=&#8221;7px&#8221; _builder_version=&#8221;4.9.0&#8243; _module_preset=&#8221;default&#8221; width=&#8221;200px&#8221;][\/et_pb_divider][et_pb_text _builder_version=&#8221;4.9.0&#8243; _module_preset=&#8221;default&#8221; header_2_line_height=&#8221;1.2em&#8221; hover_enabled=&#8221;0&#8243; sticky_enabled=&#8221;0&#8243;]<\/p>\n<h2>Rezultatet e pritura nga projekti  MileSTONES III jan\u00eb:<\/h2>\n<p>[\/et_pb_text][\/et_pb_column][et_pb_column type=&#8221;2_3&#8243; _builder_version=&#8221;4.9.0&#8243; _module_preset=&#8221;default&#8221;][et_pb_text _builder_version=&#8221;4.9.0&#8243; text_font=&#8221;||||||||&#8221; header_font=&#8221;avertable|700|||||||&#8221; header_text_color=&#8221;#253D79&#8243; header_font_size=&#8221;57px&#8221; header_line_height=&#8221;1.3em&#8221; background_size=&#8221;initial&#8221; background_position=&#8221;top_left&#8221; background_repeat=&#8221;repeat&#8221; custom_margin=&#8221;||18px|||&#8221; animation_style=&#8221;fade&#8221; hover_enabled=&#8221;0&#8243; header_font_size_tablet=&#8221;40px&#8221; header_font_size_phone=&#8221;30px&#8221; header_font_size_last_edited=&#8221;on|phone&#8221; locked=&#8221;off&#8221; sticky_enabled=&#8221;0&#8243;]<\/p>\n<h1>Rezultate t\u00eb pritura<\/h1>\n<p>[\/et_pb_text][et_pb_text _builder_version=&#8221;4.9.0&#8243; _module_preset=&#8221;default&#8221; custom_margin=&#8221;|||15px|false|false&#8221; custom_margin_tablet=&#8221;&#8221; custom_margin_phone=&#8221;&#8221; custom_margin_last_edited=&#8221;on|phone&#8221; hover_enabled=&#8221;0&#8243; sticky_enabled=&#8221;0&#8243;]<\/p>\n<p><span>\u2022<span class=\"Apple-tab-span\"> <\/span><\/span>Krijimi I mjedisit ekspozues folklorik n\u00eb Bashkin\u00eb e Dodon\u00ebs.<\/p>\n<p><span>\u2022<span class=\"Apple-tab-span\"> <\/span><\/span>Rikonstruksion dhe rip\u00ebrdorim i nj\u00eb nd\u00ebrtese n\u00eb fshatin Livadhja p\u00ebr shtrehimin e nj\u00eb ekspozite folklorike nga Bashkia Finiq.<\/p>\n<p><span>\u2022<span class=\"Apple-tab-span\"> <\/span><\/span>Punime restaurimi n\u00eb kala, n\u00eb tempull dhe n\u00eb xhamin\u00eb e Kanin\u00ebs n\u00eb Vlor\u00eb.<\/p>\n<p><span>\u2022<span class=\"Apple-tab-span\"> <\/span><\/span>Organizim I festivaleve nd\u00ebrkufitare kulturore nga bashkit\u00eb e Dodon\u00ebs dhe Finiqit si mjete p\u00ebr themelimin e aktiviteteve lokale t\u00eb nj\u00eb shkalle t\u00eb madhe p\u00ebr bashk\u00ebpunimin dypal\u00ebsh dhe rijet\u00ebsimin e trash\u00ebgimis\u00eb kulturore.<\/p>\n<p><span>\u2022<span class=\"Apple-tab-span\"> <\/span><\/span>Aktivitete t\u00eb zhvillimit t\u00eb aft\u00ebsive me form\u00ebn e trajnimeve apo t\u00eb paraqitjes s\u00eb studimeve.<\/p>\n<p><span>\u2022<span class=\"Apple-tab-span\"> <\/span><\/span>Aktivitete t\u00eb promovimit turistik n\u00eb zonat e partner\u00ebve *Dodon\u00eb, Finiq, Prevez\u00eb) t\u00eb cilat p\u00ebrfshijn\u00eb krijimin e ditarit kulturor, udh\u00ebtime t\u00eb familjarizimit t\u00eb gazetar\u00ebve dhe prodhim t\u00eb materialit audioviziv.<\/p>\n<p>[\/et_pb_text][\/et_pb_column][\/et_pb_row][\/et_pb_section]<\/p>\n","protected":false},"excerpt":{"rendered":"<p>Objekti i projektitObjektivi i p\u00ebrgjithsh\u00ebm i projektit MileSTONES III \u00ebsht\u00eb p\u00ebrmir\u00ebsimi i aft\u00ebsis\u00eb s\u00eb menaxhimit dhe rijet\u00ebsimit t\u00eb trash\u00ebgimis\u00eb kulturore si dhe mb\u00ebshtetja e zhvillimit turistik.ObjektivatN\u00eb k\u00ebt\u00eb kuad\u00ebr projekti MileSTONES III \u00ebsht\u00eb projektuar si nj\u00eb marr\u00ebveshje e plot\u00eb me Objektivin e Ve\u00e7ant\u00eb 2.1. t\u00eb Programit \u201cRuajtja e resulseve kulturore dhe natyrore si parakushte p\u00ebr zhvillimin [&hellip;]<\/p>\n","protected":false},"author":1,"featured_media":0,"parent":0,"menu_order":0,"comment_status":"closed","ping_status":"closed","template":"","meta":{"_et_pb_use_builder":"on","_et_pb_old_content":"[et_pb_section fb_built=\"1\" _builder_version=\"4.9.0\" _module_preset=\"default\" use_background_color_gradient=\"on\" background_color_gradient_start=\"#253d79\" background_color_gradient_end=\"rgba(37,61,121,0.45)\" background_color_gradient_overlays_image=\"on\" background_image=\"https:\/\/milestones3.eu\/wp-content\/uploads\/2021\/02\/theatre-1740767_1280.jpg\" max_width=\"90%\" custom_padding=\"17px||30px|||\" border_width_right=\"45px\" border_color_right=\"#8DBA40\"][et_pb_row _builder_version=\"4.9.0\" _module_preset=\"default\"][et_pb_column type=\"4_4\" _builder_version=\"4.9.0\" _module_preset=\"default\"][et_pb_text _builder_version=\"4.9.0\" text_font=\"||||||||\" header_font=\"avertable|700|||||||\" header_text_color=\"#FFFFFF\" header_font_size=\"57px\" header_line_height=\"1.3em\" background_size=\"initial\" background_position=\"top_left\" background_repeat=\"repeat\" custom_margin=\"||18px|||\" animation_style=\"fade\" hover_enabled=\"0\" header_font_size_tablet=\"40px\" header_font_size_phone=\"30px\" header_font_size_last_edited=\"on|phone\" locked=\"off\" sticky_enabled=\"0\"]<h1>Project Scope<\/h1>[\/et_pb_text][et_pb_divider color=\"#E58A2E\" divider_weight=\"7px\" _builder_version=\"4.9.0\" _module_preset=\"default\" width=\"200px\"][\/et_pb_divider][\/et_pb_column][\/et_pb_row][\/et_pb_section][et_pb_section fb_built=\"1\" _builder_version=\"4.9.0\" _module_preset=\"default\" custom_padding=\"37px||7px|||\" border_width_left=\"38px\" border_color_left=\"#E58A2E\"][et_pb_row column_structure=\"1_3,2_3\" use_custom_gutter=\"on\" gutter_width=\"2\" make_equal=\"on\" _builder_version=\"4.9.0\" _module_preset=\"default\" width=\"75%\" max_width=\"100%\" border_color_left=\"#E58A2E\"][et_pb_column type=\"1_3\" _builder_version=\"4.9.0\" _module_preset=\"default\" custom_padding=\"||||false|false\"][et_pb_image src=\"https:\/\/milestones3.eu\/wp-content\/uploads\/2021\/02\/\u03a3\u03c7\u03ad\u03b4\u03b9\u03bf-\u03c7\u03c9\u03c1\u03af\u03c2-\u03c4\u03af\u03c4\u03bb\u03bf-12.png\" alt=\"milestone 3\" title_text=\"milestone 3\" _builder_version=\"4.9.0\" _module_preset=\"default\" width=\"25%\"][\/et_pb_image][et_pb_divider color=\"#8DBA40\" divider_weight=\"7px\" _builder_version=\"4.9.0\" _module_preset=\"default\" width=\"200px\"][\/et_pb_divider][et_pb_text _builder_version=\"4.9.0\" _module_preset=\"default\" header_2_line_height=\"1.2em\" hover_enabled=\"0\" sticky_enabled=\"0\"]<h2>The overall objective of the MileSTONES III Project is the improvement of the capacity to manage and revitalize cultural heritage and support growth in tourism.<\/h2>[\/et_pb_text][\/et_pb_column][et_pb_column type=\"2_3\" _builder_version=\"4.9.0\" _module_preset=\"default\"][et_pb_text _builder_version=\"4.9.0\" text_font=\"||||||||\" header_font=\"avertable|700|||||||\" header_text_color=\"#253D79\" header_font_size=\"57px\" header_line_height=\"1.3em\" background_size=\"initial\" background_position=\"top_left\" background_repeat=\"repeat\" custom_margin=\"||18px|||\" animation_style=\"fade\" hover_enabled=\"0\" header_font_size_tablet=\"40px\" header_font_size_phone=\"30px\" header_font_size_last_edited=\"on|phone\" locked=\"off\" sticky_enabled=\"0\"]<h1>Objectives<\/h1>[\/et_pb_text][et_pb_text _builder_version=\"4.9.0\" _module_preset=\"default\" custom_margin=\"|||15px|false|false\" custom_margin_tablet=\"\" custom_margin_phone=\"\" custom_margin_last_edited=\"on|phone\" hover_enabled=\"0\" sticky_enabled=\"0\"]<p>Within this context, MileSTONES III Project is fully aligned with Program's Specific Objective 2.1 \u201cPreserve cultural and natural resources as a prerequisite for tourism development of the cross border area\u201d.<\/p>\r\n<p>In addition, the project aims to:<span class=\"Apple-tab-span\"> <\/span><\/p>\r\n<p>1.<span class=\"Apple-tab-span\"> <\/span>Create additional instruments to demonstrate local and regional cultural heritage.<span class=\"Apple-converted-space\">\u00a0<\/span><\/p>\r\n<p>2.<span class=\"Apple-tab-span\"> <\/span>Preserve its magnitude and reputation over time with promotional activities.<span class=\"Apple-converted-space\">\u00a0<\/span><\/p>\r\n<p>3.<span class=\"Apple-tab-span\"> <\/span>Establish high-performance and large-scale cultural events.<\/p>\r\n<p>4.<span class=\"Apple-tab-span\"> <\/span>Build the capacity to sustainably valorise cultural resources.<\/p>\r\n<p>5.<span class=\"Apple-tab-span\"> <\/span>Train tourist professionals in cultural heritage marketing.<\/p>\r\n<p>6.<span class=\"Apple-tab-span\"> <\/span>Empower local communities and have them involved as a key stakeholders.<\/p>\r\n<p>7.<span class=\"Apple-tab-span\"> <\/span>Restore cross-border cultural heritage.<\/p>\r\n<p>8. Improve accessibility for cross-border cultural monuments.<\/p>[\/et_pb_text][\/et_pb_column][\/et_pb_row][et_pb_row column_structure=\"1_3,2_3\" use_custom_gutter=\"on\" gutter_width=\"2\" make_equal=\"on\" _builder_version=\"4.9.0\" _module_preset=\"default\" width=\"75%\" max_width=\"100%\" border_color_left=\"#E58A2E\" custom_padding=\"19px|||||\"][et_pb_column type=\"1_3\" _builder_version=\"4.9.0\" _module_preset=\"default\" custom_padding=\"||||false|false\"][et_pb_image src=\"https:\/\/milestones3.eu\/wp-content\/uploads\/2021\/02\/assets-11.jpg\" alt=\"milestone 3\" title_text=\"assets-11\" _builder_version=\"4.9.0\" _module_preset=\"default\" width=\"25%\" hover_enabled=\"0\" sticky_enabled=\"0\"][\/et_pb_image][et_pb_divider color=\"#8DBA40\" divider_weight=\"7px\" _builder_version=\"4.9.0\" _module_preset=\"default\" width=\"200px\"][\/et_pb_divider][et_pb_text _builder_version=\"4.9.0\" _module_preset=\"default\" header_2_line_height=\"1.2em\" hover_enabled=\"0\" sticky_enabled=\"0\"]<h2>The outputs of the MileSTONES III Project are expected to be:<\/h2>[\/et_pb_text][\/et_pb_column][et_pb_column type=\"2_3\" _builder_version=\"4.9.0\" _module_preset=\"default\"][et_pb_text _builder_version=\"4.9.0\" text_font=\"||||||||\" header_font=\"avertable|700|||||||\" header_text_color=\"#253D79\" header_font_size=\"57px\" header_line_height=\"1.3em\" background_size=\"initial\" background_position=\"top_left\" background_repeat=\"repeat\" custom_margin=\"||18px|||\" animation_style=\"fade\" hover_enabled=\"0\" header_font_size_tablet=\"40px\" header_font_size_phone=\"30px\" header_font_size_last_edited=\"on|phone\" locked=\"off\" sticky_enabled=\"0\"]<h1>Expected outputs<\/h1>[\/et_pb_text][et_pb_text _builder_version=\"4.9.0\" _module_preset=\"default\" custom_margin=\"|||15px|false|false\" custom_margin_tablet=\"\" custom_margin_phone=\"\" custom_margin_last_edited=\"on|phone\" hover_enabled=\"0\" sticky_enabled=\"0\"]<p><span>\u2022<span class=\"Apple-tab-span\"> <\/span><\/span>Creation of a folklore exhibition space in the Municipality of Dodoni.<\/p>\r\n<p><span>\u2022<span class=\"Apple-tab-span\"> <\/span><\/span>Renovation and reuse of a building in the village of Livadhe to house a folklore exhibition by the Municipality of Finiq.<\/p>\r\n<p><span>\u2022<span class=\"Apple-tab-span\"> <\/span><\/span>Restoration activities at the Castle, Shrine and Masjid of Kanina at Vlore.<\/p>\r\n<p><span>\u2022<span class=\"Apple-tab-span\"> <\/span><\/span>Organization of cross-border area-wide cultural festivals by the Municipalities of Dodoni and Finiq as tools to establish large-scale local events for the bilateral cooperation and the revitalization of cultural heritage.<\/p>\r\n<p><span>\u2022<span class=\"Apple-tab-span\"> <\/span><\/span>Capacity building actions in the sector of tourism, in the form of training and studies.<\/p>\r\n<p><span>\u2022<span class=\"Apple-tab-span\"> <\/span><\/span>Tourism promotion actions in the areas of the partners (Dodoni, Preveza, Finiq) that include creation of a cultural calendar, a familiarisation trip for journalists and production of audiovisual material.<\/p>[\/et_pb_text][\/et_pb_column][\/et_pb_row][\/et_pb_section]","_et_gb_content_width":"","footnotes":""},"class_list":["post-748","page","type-page","status-publish","hentry"],"_links":{"self":[{"href":"https:\/\/milestones3.eu\/sq\/wp-json\/wp\/v2\/pages\/748","targetHints":{"allow":["GET"]}}],"collection":[{"href":"https:\/\/milestones3.eu\/sq\/wp-json\/wp\/v2\/pages"}],"about":[{"href":"https:\/\/milestones3.eu\/sq\/wp-json\/wp\/v2\/types\/page"}],"author":[{"embeddable":true,"href":"https:\/\/milestones3.eu\/sq\/wp-json\/wp\/v2\/users\/1"}],"replies":[{"embeddable":true,"href":"https:\/\/milestones3.eu\/sq\/wp-json\/wp\/v2\/comments?post=748"}],"version-history":[{"count":4,"href":"https:\/\/milestones3.eu\/sq\/wp-json\/wp\/v2\/pages\/748\/revisions"}],"predecessor-version":[{"id":754,"href":"https:\/\/milestones3.eu\/sq\/wp-json\/wp\/v2\/pages\/748\/revisions\/754"}],"wp:attachment":[{"href":"https:\/\/milestones3.eu\/sq\/wp-json\/wp\/v2\/media?parent=748"}],"curies":[{"name":"wp","href":"https:\/\/api.w.org\/{rel}","templated":true}]}}